{"id":405,"date":"2017-01-09T11:31:53","date_gmt":"2017-01-09T10:31:53","guid":{"rendered":"https:\/\/www.lactogroup.com\/?page_id=405"},"modified":"2017-02-18T10:40:47","modified_gmt":"2017-02-18T09:40:47","slug":"preparation-de-lait-ecreme","status":"publish","type":"page","link":"https:\/\/www.lactogroup.com\/?page_id=405","title":{"rendered":"Preparation de Lait \u00c9cr\u00e9m\u00e9"},"content":{"rendered":"<p>[et_pb_section admin_label=\u00a0\u00bbSection\u00a0\u00bb fullwidth=\u00a0\u00bbon\u00a0\u00bb specialty=\u00a0\u00bboff\u00a0\u00bb][et_pb_fullwidth_header admin_label=\u00a0\u00bbEn-t\u00eate plein \u00e9cran\u00a0\u00bb title=\u00a0\u00bbPreparation De Lait \u00c9cr\u00e9m\u00e9\u00a0\u00bb background_layout=\u00a0\u00bbdark\u00a0\u00bb text_orientation=\u00a0\u00bbleft\u00a0\u00bb header_fullscreen=\u00a0\u00bboff\u00a0\u00bb header_scroll_down=\u00a0\u00bboff\u00a0\u00bb background_color=\u00a0\u00bb#8dc044&Prime; parallax=\u00a0\u00bboff\u00a0\u00bb parallax_method=\u00a0\u00bboff\u00a0\u00bb content_orientation=\u00a0\u00bbcenter\u00a0\u00bb image_orientation=\u00a0\u00bbcenter\u00a0\u00bb custom_button_one=\u00a0\u00bboff\u00a0\u00bb button_one_letter_spacing=\u00a0\u00bb0&Prime; button_one_use_icon=\u00a0\u00bbdefault\u00a0\u00bb button_one_icon_placement=\u00a0\u00bbright\u00a0\u00bb button_one_on_hover=\u00a0\u00bbon\u00a0\u00bb button_one_letter_spacing_hover=\u00a0\u00bb0&Prime; custom_button_two=\u00a0\u00bboff\u00a0\u00bb button_two_letter_spacing=\u00a0\u00bb0&Prime; button_two_use_icon=\u00a0\u00bbdefault\u00a0\u00bb button_two_icon_placement=\u00a0\u00bbright\u00a0\u00bb button_two_on_hover=\u00a0\u00bbon\u00a0\u00bb button_two_letter_spacing_hover=\u00a0\u00bb0&Prime; background_url=\u00a0\u00bbhttps:\/\/www.lactogroup.com\/wp-content\/uploads\/2016\/12\/bg_title.jpg\u00a0\u00bb]<\/p>\n<p>[\/et_pb_fullwidth_header][\/et_pb_section][et_pb_section admin_label=\u00a0\u00bbsection\u00a0\u00bb transparent_background=\u00a0\u00bboff\u00a0\u00bb allow_player_pause=\u00a0\u00bboff\u00a0\u00bb inner_shadow=\u00a0\u00bboff\u00a0\u00bb parallax=\u00a0\u00bboff\u00a0\u00bb parallax_method=\u00a0\u00bboff\u00a0\u00bb padding_mobile=\u00a0\u00bboff\u00a0\u00bb make_fullwidth=\u00a0\u00bboff\u00a0\u00bb use_custom_width=\u00a0\u00bboff\u00a0\u00bb width_unit=\u00a0\u00bbon\u00a0\u00bb make_equal=\u00a0\u00bboff\u00a0\u00bb use_custom_gutter=\u00a0\u00bboff\u00a0\u00bb module_id=\u00a0\u00bbpreparation-de-lait-ecreme\u00a0\u00bb][et_pb_row admin_label=\u00a0\u00bbLigne\u00a0\u00bb make_fullwidth=\u00a0\u00bboff\u00a0\u00bb use_custom_width=\u00a0\u00bboff\u00a0\u00bb width_unit=\u00a0\u00bbon\u00a0\u00bb use_custom_gutter=\u00a0\u00bboff\u00a0\u00bb padding_mobile=\u00a0\u00bboff\u00a0\u00bb module_id=\u00a0\u00bbpreparation-de-lait-ecreme-20&Prime; allow_player_pause=\u00a0\u00bboff\u00a0\u00bb parallax=\u00a0\u00bboff\u00a0\u00bb parallax_method=\u00a0\u00bboff\u00a0\u00bb make_equal=\u00a0\u00bboff\u00a0\u00bb column_padding_mobile=\u00a0\u00bbon\u00a0\u00bb][et_pb_column type=\u00a0\u00bb4_4&Prime;][et_pb_text admin_label=\u00a0\u00bbPr\u00e9paration de Lait \u00e9cr\u00e9m\u00e9 20&Prime; background_layout=\u00a0\u00bblight\u00a0\u00bb text_orientation=\u00a0\u00bbleft\u00a0\u00bb use_border_color=\u00a0\u00bboff\u00a0\u00bb border_color=\u00a0\u00bb#ffffff\u00a0\u00bb border_style=\u00a0\u00bbsolid\u00a0\u00bb]<\/p>\n<h2>Pr\u00e9paration de Lait \u00e9cr\u00e9m\u00e9 20<\/h2>\n<p><strong>Description du produit:<\/p>\n<p><\/strong>est une pr\u00e9paration laiti\u00e8re destin\u00e9e au remplacement total ou partiel de la poudre de lait \u00e9cr\u00e9m\u00e9.<strong><\/p>\n<p><\/strong><strong><\/p>\n<p>Caract\u00e9ristiques:<\/strong><strong><\/p>\n<p><\/strong><\/p>\n<ul>\n<li>Apparence Physique : Poudre homog\u00e8ne, couleur blanc cr\u00e8me.<\/li>\n<li>Go\u00fbt : Lact\u00e9.<\/li>\n<li>Odeur : Neutre.<\/li>\n<\/ul>\n<div class=\"cadre\" ><strong>Applications:<\/p>\n<p><\/strong>Cette poudre est particuli\u00e8rement bien indiqu\u00e9e pour les applications de boulangerie, biscuiterie, cr\u00e8me glac\u00e9e et autres industries agroalimentaires.<\/div>\n<table style=\"width: 100%;\">\n<tbody>\n<tr>\n<th style=\"text-align: center;\">Parametres Chimiques<\/th>\n<th style=\"text-align: center;\">Prep 20<\/th>\n<\/tr>\n<tr>\n<td>Prot\u00e9ines (%)<\/td>\n<td>\u2265 20<\/td>\n<\/tr>\n<tr>\n<td>Mati\u00e8re grasse (%)<\/td>\n<td>\u2264 1<\/td>\n<\/tr>\n<tr>\n<td>Humidit\u00e9 (%)<\/td>\n<td>\u2264\u00a04,0<\/td>\n<\/tr>\n<tr>\n<td>Cendres (%)<\/td>\n<td>\u2264 8,0<\/td>\n<\/tr>\n<\/tbody>\n<\/table>\n<table style=\"width: 100%;\">\n<tbody>\n<tr>\n<th style=\"text-align: center;\">Parametres Microbiologiques<\/th>\n<th style=\"text-align: center;\">Prep 20<\/th>\n<\/tr>\n<tr>\n<td>Germes Totaux \/g<\/td>\n<td>\u2264 50\u00a0000<\/td>\n<\/tr>\n<tr>\n<td>Coliformes \/0,1g<\/td>\n<td>absent<\/td>\n<\/tr>\n<tr>\n<td>E- Coli \/0,1g<\/td>\n<td>absent<\/td>\n<\/tr>\n<tr>\n<td>Salmonella \/25g<\/td>\n<td>absent<\/td>\n<\/tr>\n<tr>\n<td>Antibiotiques<\/td>\n<td>absent<\/td>\n<\/tr>\n<tr>\n<td>Levures et Moisissures \/g<\/td>\n<td>\u2264\u00a0100<\/td>\n<\/tr>\n<\/tbody>\n<\/table>\n<p><strong>Stockage et Dur\u00e9e de Vie:<\/strong><\/p>\n<p>Le produit stock\u00e9 dans un endroit frais et sec, \u00e0 temp\u00e9rature inf\u00e9rieure \u00e0 25 \u00ba C. Le produit a une dur\u00e9e de vie 2 ans dans l\u2019emballage d\u2019origine.<\/p>\n<p><strong>Conditionnement:<\/p>\n<p><\/strong>Sacs de 25 Kg net en papier et enveloppe Interne en poly\u00e9thyl\u00e8ne alimentaire.<strong><\/p>\n<p><\/strong><\/p>\n<p><strong>Origine:<\/p>\n<p><\/strong>Le produit provient de l\u2019UE. Il est contr\u00f4l\u00e9 et emball\u00e9 dans l\u2019Union Europ\u00e9enne.<\/p>\n<p><strong>Certificats:<\/p>\n<p><\/strong>HALAL est disponible.<\/p>\n<p>[\/et_pb_text][\/et_pb_column][\/et_pb_row][et_pb_row admin_label=\u00a0\u00bbLigne\u00a0\u00bb make_fullwidth=\u00a0\u00bboff\u00a0\u00bb use_custom_width=\u00a0\u00bboff\u00a0\u00bb width_unit=\u00a0\u00bbon\u00a0\u00bb use_custom_gutter=\u00a0\u00bboff\u00a0\u00bb padding_mobile=\u00a0\u00bboff\u00a0\u00bb module_id=\u00a0\u00bbpreparation-de-lait-ecreme-28&Prime; allow_player_pause=\u00a0\u00bboff\u00a0\u00bb parallax=\u00a0\u00bboff\u00a0\u00bb parallax_method=\u00a0\u00bboff\u00a0\u00bb make_equal=\u00a0\u00bboff\u00a0\u00bb column_padding_mobile=\u00a0\u00bbon\u00a0\u00bb][et_pb_column type=\u00a0\u00bb4_4&Prime;][et_pb_text admin_label=\u00a0\u00bbPr\u00e9paration de Lait \u00e9cr\u00e9m\u00e9 28&Prime; background_layout=\u00a0\u00bblight\u00a0\u00bb text_orientation=\u00a0\u00bbleft\u00a0\u00bb use_border_color=\u00a0\u00bboff\u00a0\u00bb border_color=\u00a0\u00bb#ffffff\u00a0\u00bb border_style=\u00a0\u00bbsolid\u00a0\u00bb]<\/p>\n<h2>Pr\u00e9paration de Lait \u00e9cr\u00e9m\u00e9 28<\/h2>\n<p><strong>Description du produit:<\/p>\n<p><\/strong>est une pr\u00e9paration laiti\u00e8re destin\u00e9e au remplacement total ou partiel de la poudre de lait \u00e9cr\u00e9m\u00e9.<\/p>\n<p><strong> Caract\u00e9ristiques:<\/strong><strong><\/p>\n<p><\/strong><\/p>\n<ul>\n<li>Apparence Physique : Poudre homog\u00e8ne, couleur blanc cr\u00e8me.<\/li>\n<li>Go\u00fbt : Lact\u00e9.<\/li>\n<li>Odeur : Neutre.<\/li>\n<\/ul>\n<div class=\"cadre\" ><strong>Applications:<\/p>\n<p><\/strong>Cette poudre est particuli\u00e8rement bien indiqu\u00e9e pour les applications de boulangerie, biscuiterie, cr\u00e8me glac\u00e9e et autres industries agroalimentaires.<\/div>\n<table style=\"width: 100%;\">\n<tbody>\n<tr>\n<th style=\"text-align: center;\">Parametres Chimiques<\/th>\n<th style=\"text-align: center;\">Prep 1\/28<\/th>\n<th style=\"text-align: center;\">Prep 2\/28<\/th>\n<\/tr>\n<tr>\n<td>Prot\u00e9ines (%)<\/td>\n<td>\u2265\u00a028<\/td>\n<td>\u2265\u00a028<\/td>\n<\/tr>\n<tr>\n<td>Mati\u00e8re grasse (%)<\/td>\n<td>\u2264\u00a01,0<\/td>\n<td>\u2264\u00a02,0<\/td>\n<\/tr>\n<tr>\n<td>Humidit\u00e9 (%)<\/td>\n<td>\u2264\u00a04,0<\/td>\n<td>\u2264\u00a04,0<\/td>\n<\/tr>\n<tr>\n<td>Cendres (%)<\/td>\n<td>\u2264 7,0<\/td>\n<td>\u2264\u00a07<\/td>\n<\/tr>\n<tr>\n<td><\/td>\n<td><\/td>\n<td><\/td>\n<\/tr>\n<\/tbody>\n<\/table>\n<table style=\"width: 100%;\">\n<tbody>\n<tr>\n<th style=\"text-align: center;\">Parametres Microbiologiques<\/th>\n<th style=\"text-align: center;\">Prep 1\/28<\/th>\n<th style=\"text-align: center;\">Prep 2\/28<\/th>\n<\/tr>\n<tr>\n<td>Germes Totaux \/g<\/td>\n<td>\u2264 50\u00a0000<\/td>\n<td>\u2264 50\u00a0000<\/td>\n<\/tr>\n<tr>\n<td>Coliformes \/0,1g<\/td>\n<td>absent<\/td>\n<td>absent<\/td>\n<\/tr>\n<tr>\n<td>E- Coli \/0,1g<\/td>\n<td>absent<\/td>\n<td>absent<\/td>\n<\/tr>\n<tr>\n<td>Salmonella \/25g<\/td>\n<td>absent<\/td>\n<td>absent<\/td>\n<\/tr>\n<tr>\n<td>Antibiotiques<\/td>\n<td>absent<\/td>\n<td>absent<\/td>\n<\/tr>\n<tr>\n<td>Levures et Moisissures \/g<\/td>\n<td>\u2264\u00a0100<\/td>\n<td>\u2264\u00a0100<\/td>\n<\/tr>\n<\/tbody>\n<\/table>\n<p><strong>Stockage et Dur\u00e9e de Vie:<\/strong><\/p>\n<p>Le produit stock\u00e9 dans un endroit frais et sec, \u00e0 temp\u00e9rature inf\u00e9rieure \u00e0 25 \u00ba C. Le produit a une dur\u00e9e de vie 2 ans dans l\u2019emballage d\u2019origine.<\/p>\n<p><strong>Conditionnement:<\/p>\n<p><\/strong>Sacs de 25 Kg net en papier et enveloppe Interne en poly\u00e9thyl\u00e8ne alimentaire.<strong><\/p>\n<p><\/strong><\/p>\n<p><strong>Origine:<\/p>\n<p><\/strong>Le produit provient de l\u2019UE. Il est contr\u00f4l\u00e9 et emball\u00e9 dans l\u2019Union Europ\u00e9enne.<\/p>\n<p><strong>Certificats:<\/p>\n<p><\/strong>HALAL est disponible.<\/p>\n<p>[\/et_pb_text][\/et_pb_column][\/et_pb_row][et_pb_row admin_label=\u00a0\u00bbLigne\u00a0\u00bb make_fullwidth=\u00a0\u00bboff\u00a0\u00bb use_custom_width=\u00a0\u00bboff\u00a0\u00bb width_unit=\u00a0\u00bbon\u00a0\u00bb use_custom_gutter=\u00a0\u00bboff\u00a0\u00bb padding_mobile=\u00a0\u00bboff\u00a0\u00bb module_id=\u00a0\u00bbpreparation-de-lait-ecreme-30&Prime; allow_player_pause=\u00a0\u00bboff\u00a0\u00bb parallax=\u00a0\u00bboff\u00a0\u00bb parallax_method=\u00a0\u00bboff\u00a0\u00bb make_equal=\u00a0\u00bboff\u00a0\u00bb column_padding_mobile=\u00a0\u00bbon\u00a0\u00bb][et_pb_column type=\u00a0\u00bb4_4&Prime;][et_pb_text admin_label=\u00a0\u00bbPr\u00e9paration de Lait \u00e9cr\u00e9m\u00e9 30&Prime; background_layout=\u00a0\u00bblight\u00a0\u00bb text_orientation=\u00a0\u00bbleft\u00a0\u00bb use_border_color=\u00a0\u00bboff\u00a0\u00bb border_color=\u00a0\u00bb#ffffff\u00a0\u00bb border_style=\u00a0\u00bbsolid\u00a0\u00bb]<\/p>\n<h2>Pr\u00e9paration de Lait \u00e9cr\u00e9m\u00e9 30<\/h2>\n<p><strong>Description du produit:<\/p>\n<p><\/strong>est une pr\u00e9paration laiti\u00e8re destin\u00e9e au remplacement total ou partiel de la poudre de lait \u00e9cr\u00e9m\u00e9.<strong><\/p>\n<p><\/strong><strong><\/p>\n<p>Caract\u00e9ristiques:<\/strong><strong><\/p>\n<p><\/strong><\/p>\n<ul>\n<li>Apparence Physique : Poudre homog\u00e8ne, couleur blanc cr\u00e8me.<\/li>\n<li>Go\u00fbt : Lact\u00e9.<\/li>\n<li>Odeur : Neutre.<\/li>\n<\/ul>\n<div class=\"cadre\" ><strong>Applications:<\/p>\n<p><\/strong>Cette poudre est particuli\u00e8rement bien indiqu\u00e9e pour les applications de boulangerie, biscuiterie, cr\u00e8me glac\u00e9e et autres industries agroalimentaires.<\/div>\n<table style=\"width: 100%;\">\n<tbody>\n<tr>\n<th style=\"text-align: center;\">Parametres Chimiques<\/th>\n<th style=\"text-align: center;\">Prep 30<\/th>\n<\/tr>\n<tr>\n<td>Prot\u00e9ines (%)<\/td>\n<td>\u2265 30<\/td>\n<\/tr>\n<tr>\n<td>Mati\u00e8re grasse (%)<\/td>\n<td>\u2264 1<\/td>\n<\/tr>\n<tr>\n<td>Humidit\u00e9 (%)<\/td>\n<td>\u2264\u00a04,0<\/td>\n<\/tr>\n<tr>\n<td>Cendres (%)<\/td>\n<td>\u2264 8,0<\/td>\n<\/tr>\n<\/tbody>\n<\/table>\n<table style=\"width: 100%;\">\n<tbody>\n<tr>\n<th style=\"text-align: center;\">Parametres Microbiologiques<\/th>\n<th style=\"text-align: center;\">Prep 30<\/th>\n<\/tr>\n<tr>\n<td>Germes Totaux \/g<\/td>\n<td>\u2264 50\u00a0000<\/td>\n<\/tr>\n<tr>\n<td>Coliformes \/0,1g<\/td>\n<td>absent<\/td>\n<\/tr>\n<tr>\n<td>E- Coli \/0,1g<\/td>\n<td>absent<\/td>\n<\/tr>\n<tr>\n<td>Salmonella \/25g<\/td>\n<td>absent<\/td>\n<\/tr>\n<tr>\n<td>Antibiotiques<\/td>\n<td>absent<\/td>\n<\/tr>\n<tr>\n<td>Levures et Moisissures \/g<\/td>\n<td>\u2264\u00a0100<\/td>\n<\/tr>\n<\/tbody>\n<\/table>\n<p><strong>Stockage et Dur\u00e9e de Vie:<\/strong><\/p>\n<p>Le produit stock\u00e9 dans un endroit frais et sec, \u00e0 temp\u00e9rature inf\u00e9rieure \u00e0 25 \u00ba C. Le produit a une dur\u00e9e de vie 2 ans dans l\u2019emballage d\u2019origine.<\/p>\n<p><strong>Conditionnement:<\/p>\n<p><\/strong>Sacs de 25 Kg net en papier et enveloppe Interne en poly\u00e9thyl\u00e8ne alimentaire.<strong><\/p>\n<p><\/strong><\/p>\n<p><strong>Origine:<\/p>\n<p><\/strong>Le produit provient de l\u2019UE. Il est contr\u00f4l\u00e9 et emball\u00e9 dans l\u2019Union Europ\u00e9enne.<\/p>\n<p><strong>Certificats:<\/p>\n<p><\/strong>HALAL est disponible.<\/p>\n<p>[\/et_pb_text][\/et_pb_column][\/et_pb_row][et_pb_row admin_label=\u00a0\u00bbLigne\u00a0\u00bb make_fullwidth=\u00a0\u00bboff\u00a0\u00bb use_custom_width=\u00a0\u00bboff\u00a0\u00bb width_unit=\u00a0\u00bbon\u00a0\u00bb use_custom_gutter=\u00a0\u00bboff\u00a0\u00bb padding_mobile=\u00a0\u00bboff\u00a0\u00bb module_id=\u00a0\u00bbpreparation-de-lait-ecreme-32&Prime; allow_player_pause=\u00a0\u00bboff\u00a0\u00bb parallax=\u00a0\u00bboff\u00a0\u00bb parallax_method=\u00a0\u00bboff\u00a0\u00bb make_equal=\u00a0\u00bboff\u00a0\u00bb column_padding_mobile=\u00a0\u00bbon\u00a0\u00bb][et_pb_column type=\u00a0\u00bb4_4&Prime;][et_pb_text admin_label=\u00a0\u00bbPr\u00e9paration de Lait \u00e9cr\u00e9m\u00e9 32&Prime; background_layout=\u00a0\u00bblight\u00a0\u00bb text_orientation=\u00a0\u00bbleft\u00a0\u00bb use_border_color=\u00a0\u00bboff\u00a0\u00bb border_color=\u00a0\u00bb#ffffff\u00a0\u00bb border_style=\u00a0\u00bbsolid\u00a0\u00bb]<\/p>\n<h2>Pr\u00e9paration de Lait \u00e9cr\u00e9m\u00e9&nbsp;32<\/h2>\n<p><strong>Description du produit:<\/p>\n<p><\/strong>est une pr\u00e9paration laiti\u00e8re destin\u00e9e au remplacement total ou partiel de la poudre de lait \u00e9cr\u00e9m\u00e9.<\/p>\n<p><strong> Caract\u00e9ristiques:<\/strong><strong><\/p>\n<p><\/strong><\/p>\n<ul>\n<li>Apparence Physique : Poudre homog\u00e8ne, couleur blanc cr\u00e8me.<\/li>\n<li>Go\u00fbt : Lact\u00e9.<\/li>\n<li>Odeur : Neutre.<\/li>\n<\/ul>\n<div class=\"cadre\" ><strong>Applications:<\/p>\n<p><\/strong>Cette poudre est particuli\u00e8rement bien indiqu\u00e9e pour les applications de boulangerie, biscuiterie, cr\u00e8me glac\u00e9e et autres industries agroalimentaires.<\/div>\n<table style=\"width: 100%;\">\n<tbody>\n<tr>\n<th style=\"text-align: center;\">Parametres Chimiques<\/th>\n<th style=\"text-align: center;\">Prep 1\/32<\/th>\n<th style=\"text-align: center;\">Prep 2\/32<\/th>\n<\/tr>\n<tr>\n<td>Prot\u00e9ines (%)<\/td>\n<td>\u2265&nbsp;32<\/td>\n<td>\u2265&nbsp;32<\/td>\n<\/tr>\n<tr>\n<td>Mati\u00e8re grasse (%)<\/td>\n<td>\u2264&nbsp;1,0<\/td>\n<td>\u2264&nbsp;2,0<\/td>\n<\/tr>\n<tr>\n<td>Humidit\u00e9 (%)<\/td>\n<td>\u2264&nbsp;4,0<\/td>\n<td>\u2264&nbsp;4,0<\/td>\n<\/tr>\n<tr>\n<td>Cendres (%)<\/td>\n<td>\u2264 8,0<\/td>\n<td>\u2264&nbsp;8,0<\/td>\n<\/tr>\n<\/tbody>\n<\/table>\n<table style=\"width: 100%;\">\n<tbody>\n<tr>\n<th style=\"text-align: center;\">Parametres Microbiologiques<\/th>\n<th style=\"text-align: center;\">Prep 1\/32<\/th>\n<th style=\"text-align: center;\">Prep 2\/32<\/th>\n<\/tr>\n<tr>\n<td>Germes Totaux \/g<\/td>\n<td>\u2264 50&nbsp;000<\/td>\n<td>\u2264 50&nbsp;000<\/td>\n<\/tr>\n<tr>\n<td>Coliformes \/0,1g<\/td>\n<td>absent<\/td>\n<td>absent<\/td>\n<\/tr>\n<tr>\n<td>E- Coli \/0,1g<\/td>\n<td>absent<\/td>\n<td>absent<\/td>\n<\/tr>\n<tr>\n<td>Salmonella \/25g<\/td>\n<td>absent<\/td>\n<td>absent<\/td>\n<\/tr>\n<tr>\n<td>Antibiotiques<\/td>\n<td>absent<\/td>\n<td>absent<\/td>\n<\/tr>\n<tr>\n<td>Levures et Moisissures \/g<\/td>\n<td>\u2264&nbsp;100<\/td>\n<td>\u2264&nbsp;100<\/td>\n<\/tr>\n<\/tbody>\n<\/table>\n<p><strong>Stockage et Dur\u00e9e de Vie:<\/strong><\/p>\n<p>Le produit stock\u00e9 dans un endroit frais et sec, \u00e0 temp\u00e9rature inf\u00e9rieure \u00e0 25 \u00ba C. Le produit a une dur\u00e9e de vie 2 ans dans l\u2019emballage d\u2019origine.<\/p>\n<p><strong>Conditionnement:<\/p>\n<p><\/strong>Sacs de 25 Kg net en papier et enveloppe Interne en poly\u00e9thyl\u00e8ne alimentaire.<strong><\/p>\n<p><\/strong><\/p>\n<p><strong>Origine:<\/p>\n<p><\/strong>Le produit provient de l\u2019UE. Il est contr\u00f4l\u00e9 et emball\u00e9 dans l\u2019Union Europ\u00e9enne.<\/p>\n<p><strong>Certificats:<\/p>\n<p><\/strong>HALAL est disponible.<\/p>\n<p>[\/et_pb_text][\/et_pb_column][\/et_pb_row][\/et_pb_section][et_pb_section admin_label=\u00a0\u00bbSection\u00a0\u00bb global_module=\u00a0\u00bb394&Prime; fullwidth=\u00a0\u00bboff\u00a0\u00bb specialty=\u00a0\u00bboff\u00a0\u00bb transparent_background=\u00a0\u00bboff\u00a0\u00bb background_color=\u00a0\u00bb#52b7ea\u00a0\u00bb allow_player_pause=\u00a0\u00bboff\u00a0\u00bb inner_shadow=\u00a0\u00bboff\u00a0\u00bb parallax=\u00a0\u00bboff\u00a0\u00bb parallax_method=\u00a0\u00bboff\u00a0\u00bb padding_mobile=\u00a0\u00bboff\u00a0\u00bb make_fullwidth=\u00a0\u00bboff\u00a0\u00bb use_custom_width=\u00a0\u00bboff\u00a0\u00bb width_unit=\u00a0\u00bbon\u00a0\u00bb make_equal=\u00a0\u00bboff\u00a0\u00bb use_custom_gutter=\u00a0\u00bboff\u00a0\u00bb][et_pb_row global_parent=\u00a0\u00bb394&Prime; admin_label=\u00a0\u00bbLigne\u00a0\u00bb][et_pb_column type=\u00a0\u00bb4_4&Prime;][et_pb_cta global_parent=\u00a0\u00bb394&Prime; admin_label=\u00a0\u00bbAppel d&rsquo;action\u00a0\u00bb button_url=\u00a0\u00bbhttps:\/\/www.lactogroup.com\/?page_id=84\/\u00a0\u00bb url_new_window=\u00a0\u00bboff\u00a0\u00bb button_text=\u00a0\u00bbContactez-nous\u00a0\u00bb use_background_color=\u00a0\u00bbon\u00a0\u00bb background_color=\u00a0\u00bb#52b7ea\u00a0\u00bb background_layout=\u00a0\u00bbdark\u00a0\u00bb text_orientation=\u00a0\u00bbcenter\u00a0\u00bb use_border_color=\u00a0\u00bboff\u00a0\u00bb border_color=\u00a0\u00bb#ffffff\u00a0\u00bb border_style=\u00a0\u00bbsolid\u00a0\u00bb custom_button=\u00a0\u00bboff\u00a0\u00bb button_letter_spacing=\u00a0\u00bb0&Prime; button_use_icon=\u00a0\u00bbdefault\u00a0\u00bb button_icon_placement=\u00a0\u00bbright\u00a0\u00bb button_on_hover=\u00a0\u00bbon\u00a0\u00bb button_letter_spacing_hover=\u00a0\u00bb0&Prime; module_class=\u00a0\u00bbcall-to-action\u00a0\u00bb]<\/p>\n<h2>Vous souhaitez en savoir plus<br \/> sur notre gamme de produits ?<\/h2>\n<p>[\/et_pb_cta][\/et_pb_column][\/et_pb_row][\/et_pb_section]<\/p>\n","protected":false},"excerpt":{"rendered":"<p>Pr\u00e9paration de Lait \u00e9cr\u00e9m\u00e9 20 Description du produit: est une pr\u00e9paration laiti\u00e8re destin\u00e9e au remplacement total ou partiel de la poudre de lait \u00e9cr\u00e9m\u00e9. Caract\u00e9ristiques: Apparence Physique : Poudre homog\u00e8ne, couleur blanc cr\u00e8me. Go\u00fbt : Lact\u00e9. Odeur : Neutre. <div class=\"cadre\" ><\/div>Applications: Cette poudre est particuli\u00e8rement bien indiqu\u00e9e pour les applications de boulangerie, biscuiterie, cr\u00e8me glac\u00e9e et [&hellip;]<\/p>\n","protected":false},"author":1,"featured_media":0,"parent":40,"menu_order":7,"comment_status":"closed","ping_status":"closed","template":"","meta":{"_et_pb_use_builder":"on","_et_pb_old_content":"","_et_gb_content_width":"","footnotes":""},"yoast_head":"<!-- This site is optimized with the Yoast SEO plugin v20.1 - https:\/\/yoast.com\/wordpress\/plugins\/seo\/ -->\r\n<title>Preparation de Lait \u00c9cr\u00e9m\u00e9 - Lactogroup<\/title>\r\n<meta name=\"robots\" content=\"index, follow, max-snippet:-1, max-image-preview:large, max-video-preview:-1\" \/>\r\n<link rel=\"canonical\" href=\"https:\/\/www.lactogroup.com\/?page_id=405\" \/>\r\n<meta property=\"og:locale\" content=\"fr_FR\" \/>\r\n<meta property=\"og:type\" content=\"article\" \/>\r\n<meta property=\"og:title\" content=\"Preparation de Lait \u00c9cr\u00e9m\u00e9 - Lactogroup\" \/>\r\n<meta property=\"og:description\" content=\"Pr\u00e9paration de Lait \u00e9cr\u00e9m\u00e9 20 Description du produit: est une pr\u00e9paration laiti\u00e8re destin\u00e9e au remplacement total ou partiel de la poudre de lait \u00e9cr\u00e9m\u00e9. Caract\u00e9ristiques: Apparence Physique : Poudre homog\u00e8ne, couleur blanc cr\u00e8me. Go\u00fbt : Lact\u00e9. Odeur : Neutre. Applications: Cette poudre est particuli\u00e8rement bien indiqu\u00e9e pour les applications de boulangerie, biscuiterie, cr\u00e8me glac\u00e9e et [&hellip;]\" \/>\r\n<meta property=\"og:url\" content=\"https:\/\/www.lactogroup.com\/?page_id=405\" \/>\r\n<meta property=\"og:site_name\" content=\"Lactogroup\" \/>\r\n<meta property=\"article:modified_time\" content=\"2017-02-18T09:40:47+00:00\" \/>\r\n<meta name=\"twitter:card\" content=\"summary_large_image\" \/>\r\n<meta name=\"twitter:label1\" content=\"Dur\u00e9e de lecture estim\u00e9e\" \/>\n\t<meta name=\"twitter:data1\" content=\"7 minutes\" \/>\r\n<script type=\"application\/ld+json\" class=\"yoast-schema-graph\">{\"@context\":\"https:\/\/schema.org\",\"@graph\":[{\"@type\":\"WebPage\",\"@id\":\"https:\/\/www.lactogroup.com\/?page_id=405\",\"url\":\"https:\/\/www.lactogroup.com\/?page_id=405\",\"name\":\"Preparation de Lait \u00c9cr\u00e9m\u00e9 - Lactogroup\",\"isPartOf\":{\"@id\":\"https:\/\/www.lactogroup.com\/#website\"},\"datePublished\":\"2017-01-09T10:31:53+00:00\",\"dateModified\":\"2017-02-18T09:40:47+00:00\",\"breadcrumb\":{\"@id\":\"https:\/\/www.lactogroup.com\/?page_id=405#breadcrumb\"},\"inLanguage\":\"fr-FR\",\"potentialAction\":[{\"@type\":\"ReadAction\",\"target\":[\"https:\/\/www.lactogroup.com\/?page_id=405\"]}]},{\"@type\":\"BreadcrumbList\",\"@id\":\"https:\/\/www.lactogroup.com\/?page_id=405#breadcrumb\",\"itemListElement\":[{\"@type\":\"ListItem\",\"position\":1,\"name\":\"Accueil\",\"item\":\"https:\/\/www.lactogroup.com\/\"},{\"@type\":\"ListItem\",\"position\":2,\"name\":\"Produits\",\"item\":\"https:\/\/www.lactogroup.com\/?page_id=40\"},{\"@type\":\"ListItem\",\"position\":3,\"name\":\"Preparation de Lait \u00c9cr\u00e9m\u00e9\"}]},{\"@type\":\"WebSite\",\"@id\":\"https:\/\/www.lactogroup.com\/#website\",\"url\":\"https:\/\/www.lactogroup.com\/\",\"name\":\"Lactogroup\",\"description\":\"\",\"potentialAction\":[{\"@type\":\"SearchAction\",\"target\":{\"@type\":\"EntryPoint\",\"urlTemplate\":\"https:\/\/www.lactogroup.com\/?s={search_term_string}\"},\"query-input\":\"required name=search_term_string\"}],\"inLanguage\":\"fr-FR\"}]}<\/script>\r\n<!-- \/ Yoast SEO plugin. -->","yoast_head_json":{"title":"Preparation de Lait \u00c9cr\u00e9m\u00e9 - Lactogroup","robots":{"index":"index","follow":"follow","max-snippet":"max-snippet:-1","max-image-preview":"max-image-preview:large","max-video-preview":"max-video-preview:-1"},"canonical":"https:\/\/www.lactogroup.com\/?page_id=405","og_locale":"fr_FR","og_type":"article","og_title":"Preparation de Lait \u00c9cr\u00e9m\u00e9 - Lactogroup","og_description":"Pr\u00e9paration de Lait \u00e9cr\u00e9m\u00e9 20 Description du produit: est une pr\u00e9paration laiti\u00e8re destin\u00e9e au remplacement total ou partiel de la poudre de lait \u00e9cr\u00e9m\u00e9. Caract\u00e9ristiques: Apparence Physique : Poudre homog\u00e8ne, couleur blanc cr\u00e8me. Go\u00fbt : Lact\u00e9. Odeur : Neutre. Applications: Cette poudre est particuli\u00e8rement bien indiqu\u00e9e pour les applications de boulangerie, biscuiterie, cr\u00e8me glac\u00e9e et [&hellip;]","og_url":"https:\/\/www.lactogroup.com\/?page_id=405","og_site_name":"Lactogroup","article_modified_time":"2017-02-18T09:40:47+00:00","twitter_card":"summary_large_image","twitter_misc":{"Dur\u00e9e de lecture estim\u00e9e":"7 minutes"},"schema":{"@context":"https:\/\/schema.org","@graph":[{"@type":"WebPage","@id":"https:\/\/www.lactogroup.com\/?page_id=405","url":"https:\/\/www.lactogroup.com\/?page_id=405","name":"Preparation de Lait \u00c9cr\u00e9m\u00e9 - Lactogroup","isPartOf":{"@id":"https:\/\/www.lactogroup.com\/#website"},"datePublished":"2017-01-09T10:31:53+00:00","dateModified":"2017-02-18T09:40:47+00:00","breadcrumb":{"@id":"https:\/\/www.lactogroup.com\/?page_id=405#breadcrumb"},"inLanguage":"fr-FR","potentialAction":[{"@type":"ReadAction","target":["https:\/\/www.lactogroup.com\/?page_id=405"]}]},{"@type":"BreadcrumbList","@id":"https:\/\/www.lactogroup.com\/?page_id=405#breadcrumb","itemListElement":[{"@type":"ListItem","position":1,"name":"Accueil","item":"https:\/\/www.lactogroup.com\/"},{"@type":"ListItem","position":2,"name":"Produits","item":"https:\/\/www.lactogroup.com\/?page_id=40"},{"@type":"ListItem","position":3,"name":"Preparation de Lait \u00c9cr\u00e9m\u00e9"}]},{"@type":"WebSite","@id":"https:\/\/www.lactogroup.com\/#website","url":"https:\/\/www.lactogroup.com\/","name":"Lactogroup","description":"","potentialAction":[{"@type":"SearchAction","target":{"@type":"EntryPoint","urlTemplate":"https:\/\/www.lactogroup.com\/?s={search_term_string}"},"query-input":"required name=search_term_string"}],"inLanguage":"fr-FR"}]}},"_links":{"self":[{"href":"https:\/\/www.lactogroup.com\/index.php?rest_route=\/wp\/v2\/pages\/405"}],"collection":[{"href":"https:\/\/www.lactogroup.com\/index.php?rest_route=\/wp\/v2\/pages"}],"about":[{"href":"https:\/\/www.lactogroup.com\/index.php?rest_route=\/wp\/v2\/types\/page"}],"author":[{"embeddable":true,"href":"https:\/\/www.lactogroup.com\/index.php?rest_route=\/wp\/v2\/users\/1"}],"replies":[{"embeddable":true,"href":"https:\/\/www.lactogroup.com\/index.php?rest_route=%2Fwp%2Fv2%2Fcomments&post=405"}],"version-history":[{"count":13,"href":"https:\/\/www.lactogroup.com\/index.php?rest_route=\/wp\/v2\/pages\/405\/revisions"}],"predecessor-version":[{"id":632,"href":"https:\/\/www.lactogroup.com\/index.php?rest_route=\/wp\/v2\/pages\/405\/revisions\/632"}],"up":[{"embeddable":true,"href":"https:\/\/www.lactogroup.com\/index.php?rest_route=\/wp\/v2\/pages\/40"}],"wp:attachment":[{"href":"https:\/\/www.lactogroup.com\/index.php?rest_route=%2Fwp%2Fv2%2Fmedia&parent=405"}],"curies":[{"name":"wp","href":"https:\/\/api.w.org\/{rel}","templated":true}]}}